{"version":"1.0","provider_name":"G\u00e1vea News","provider_url":"https:\/\/www.gaveanews.com","author_name":"Equipe G\u00e1vea News","author_url":"https:\/\/www.gaveanews.com\/index.php\/author\/hugo\/","title":"Saiu! CBF divulga escala\u00e7\u00e3o do Brasil","type":"rich","width":600,"height":338,"html":"<blockquote class=\"wp-embedded-content\" data-secret=\"sxA9H7jkr9\"><a href=\"https:\/\/www.gaveanews.com\/index.php\/2021\/06\/13\/saiu-cbf-divulga-escalacao-do-brasil-3\/\">Saiu! CBF divulga escala\u00e7\u00e3o do Brasil<\/a><\/blockquote><iframe sandbox=\"allow-scripts\" security=\"restricted\" src=\"https:\/\/www.gaveanews.com\/index.php\/2021\/06\/13\/saiu-cbf-divulga-escalacao-do-brasil-3\/embed\/#?secret=sxA9H7jkr9\" width=\"600\" height=\"338\" title=\"&#8220;Saiu! CBF divulga escala\u00e7\u00e3o do Brasil&#8221; &#8212; G\u00e1vea News\" data-secret=\"sxA9H7jkr9\" frameborder=\"0\" marginwidth=\"0\" marginheight=\"0\" scrolling=\"no\" class=\"wp-embedded-content\"><\/iframe><script type=\"text\/javascript\">\n\/* <![CDATA[ *\/\n\/*! This file is auto-generated *\/\n!function(d,l){\"use strict\";l.querySelector&&d.addEventListener&&\"undefined\"!=typeof URL&&(d.wp=d.wp||{},d.wp.receiveEmbedMessage||(d.wp.receiveEmbedMessage=function(e){var t=e.data;if((t||t.secret||t.message||t.value)&&!\/[^a-zA-Z0-9]\/.test(t.secret)){for(var s,r,n,a=l.querySelectorAll('iframe[data-secret=\"'+t.secret+'\"]'),o=l.querySelectorAll('blockquote[data-secret=\"'+t.secret+'\"]'),c=new RegExp(\"^https?:$\",\"i\"),i=0;i<o.length;i++)o[i].style.display=\"none\";for(i=0;i<a.length;i++)s=a[i],e.source===s.contentWindow&&(s.removeAttribute(\"style\"),\"height\"===t.message?(1e3<(r=parseInt(t.value,10))?r=1e3:~~r<200&&(r=200),s.height=r):\"link\"===t.message&&(r=new URL(s.getAttribute(\"src\")),n=new URL(t.value),c.test(n.protocol))&&n.host===r.host&&l.activeElement===s&&(d.top.location.href=t.value))}},d.addEventListener(\"message\",d.wp.receiveEmbedMessage,!1),l.addEventListener(\"DOMContentLoaded\",function(){for(var e,t,s=l.querySelectorAll(\"iframe.wp-embedded-content\"),r=0;r<s.length;r++)(t=(e=s[r]).getAttribute(\"data-secret\"))||(t=Math.random().toString(36).substring(2,12),e.src+=\"#?secret=\"+t,e.setAttribute(\"data-secret\",t)),e.contentWindow.postMessage({message:\"ready\",secret:t},\"*\")},!1)))}(window,document);\n\/\/# sourceURL=https:\/\/www.gaveanews.com\/wp-includes\/js\/wp-embed.min.js\n\/* ]]> *\/\n<\/script>\n","thumbnail_url":"https:\/\/www.gaveanews.com\/wp-content\/uploads\/2019\/07\/Tite-durante-coletiva-de-imprensa-do-Brasil.webp","thumbnail_width":960,"thumbnail_height":639,"description":"Neste domingo (13), a Sele\u00e7\u00e3o Brasileira vai receber a Venezuela no Man\u00e9 Garrincha, \u00e0s 18h (de Bras\u00edlia), pela partida de abertura da Copa Am\u00e9rica de 2021. Ap\u00f3s passar por dias turbulentos e manter o embalo nas Eliminat\u00f3rias da Copa do Mundo, o Brasil quer come\u00e7ar bem rumo ao bi do principal torneio de sele\u00e7\u00f5es da [&hellip;]"}