{"version":"1.0","provider_name":"G\u00e1vea News","provider_url":"https:\/\/www.gaveanews.com","author_name":"Equipe G\u00e1vea News","author_url":"https:\/\/www.gaveanews.com\/index.php\/author\/hugo\/","title":"Veja a prov\u00e1vel escala\u00e7\u00e3o do Flamengo","type":"rich","width":600,"height":338,"html":"<blockquote class=\"wp-embedded-content\" data-secret=\"IzIN83VfdV\"><a href=\"https:\/\/www.gaveanews.com\/index.php\/2023\/11\/07\/veja-a-provavel-escalacao-do-flamengo\/\">Veja a prov\u00e1vel escala\u00e7\u00e3o do Flamengo<\/a><\/blockquote><iframe sandbox=\"allow-scripts\" security=\"restricted\" src=\"https:\/\/www.gaveanews.com\/index.php\/2023\/11\/07\/veja-a-provavel-escalacao-do-flamengo\/embed\/#?secret=IzIN83VfdV\" width=\"600\" height=\"338\" title=\"&#8220;Veja a prov\u00e1vel escala\u00e7\u00e3o do Flamengo&#8221; &#8212; G\u00e1vea News\" data-secret=\"IzIN83VfdV\" frameborder=\"0\" marginwidth=\"0\" marginheight=\"0\" scrolling=\"no\" class=\"wp-embedded-content\"><\/iframe><script type=\"text\/javascript\">\n\/* <![CDATA[ *\/\n\/*! This file is auto-generated *\/\n!function(d,l){\"use strict\";l.querySelector&&d.addEventListener&&\"undefined\"!=typeof URL&&(d.wp=d.wp||{},d.wp.receiveEmbedMessage||(d.wp.receiveEmbedMessage=function(e){var t=e.data;if((t||t.secret||t.message||t.value)&&!\/[^a-zA-Z0-9]\/.test(t.secret)){for(var s,r,n,a=l.querySelectorAll('iframe[data-secret=\"'+t.secret+'\"]'),o=l.querySelectorAll('blockquote[data-secret=\"'+t.secret+'\"]'),c=new RegExp(\"^https?:$\",\"i\"),i=0;i<o.length;i++)o[i].style.display=\"none\";for(i=0;i<a.length;i++)s=a[i],e.source===s.contentWindow&&(s.removeAttribute(\"style\"),\"height\"===t.message?(1e3<(r=parseInt(t.value,10))?r=1e3:~~r<200&&(r=200),s.height=r):\"link\"===t.message&&(r=new URL(s.getAttribute(\"src\")),n=new URL(t.value),c.test(n.protocol))&&n.host===r.host&&l.activeElement===s&&(d.top.location.href=t.value))}},d.addEventListener(\"message\",d.wp.receiveEmbedMessage,!1),l.addEventListener(\"DOMContentLoaded\",function(){for(var e,t,s=l.querySelectorAll(\"iframe.wp-embedded-content\"),r=0;r<s.length;r++)(t=(e=s[r]).getAttribute(\"data-secret\"))||(t=Math.random().toString(36).substring(2,12),e.src+=\"#?secret=\"+t,e.setAttribute(\"data-secret\",t)),e.contentWindow.postMessage({message:\"ready\",secret:t},\"*\")},!1)))}(window,document);\n\/\/# sourceURL=https:\/\/www.gaveanews.com\/wp-includes\/js\/wp-embed.min.js\n\/* ]]> *\/\n<\/script>\n","thumbnail_url":"https:\/\/www.gaveanews.com\/wp-content\/uploads\/tite-pedro-flamengo-cruzeiro.webp","thumbnail_width":900,"thumbnail_height":600,"description":"O Flamengo est\u00e1 se preparando para o confronto contra o Palmeiras no Brasileir\u00e3o. Gerson retornar\u00e1 \u00e0 equipe como titular, atuando como volante ao lado de Erick Pulgar devido \u00e0 suspens\u00e3o de Thiago Maia. Ayrton Lucas tamb\u00e9m voltar\u00e1 \u00e0 equipe devido \u00e0 suspens\u00e3o de Filipe Lu\u00eds, e Bruno Henrique est\u00e1 fora do jogo. Na lateral direita, [&hellip;]"}