{"version":"1.0","provider_name":"G\u00e1vea News","provider_url":"https:\/\/www.gaveanews.com","author_name":"Rafaela Ladeira","author_url":"https:\/\/www.gaveanews.com\/index.php\/author\/rafaela-ladeira\/","title":"Fortaleza x Cear\u00e1: a escala\u00e7\u00e3o de L\u00e9o Cond\u00e9","type":"rich","width":600,"height":338,"html":"<blockquote class=\"wp-embedded-content\" data-secret=\"pdlXKTxYa0\"><a href=\"https:\/\/www.gaveanews.com\/index.php\/2025\/02\/08\/fortaleza-x-ceara-a-escalacao-de-leo-conde\/\">Fortaleza x Cear\u00e1: a escala\u00e7\u00e3o de L\u00e9o Cond\u00e9<\/a><\/blockquote><iframe sandbox=\"allow-scripts\" security=\"restricted\" src=\"https:\/\/www.gaveanews.com\/index.php\/2025\/02\/08\/fortaleza-x-ceara-a-escalacao-de-leo-conde\/embed\/#?secret=pdlXKTxYa0\" width=\"600\" height=\"338\" title=\"&#8220;Fortaleza x Cear\u00e1: a escala\u00e7\u00e3o de L\u00e9o Cond\u00e9&#8221; &#8212; G\u00e1vea News\" data-secret=\"pdlXKTxYa0\" frameborder=\"0\" marginwidth=\"0\" marginheight=\"0\" scrolling=\"no\" class=\"wp-embedded-content\"><\/iframe><script type=\"text\/javascript\">\n\/* <![CDATA[ *\/\n\/*! This file is auto-generated *\/\n!function(d,l){\"use strict\";l.querySelector&&d.addEventListener&&\"undefined\"!=typeof URL&&(d.wp=d.wp||{},d.wp.receiveEmbedMessage||(d.wp.receiveEmbedMessage=function(e){var t=e.data;if((t||t.secret||t.message||t.value)&&!\/[^a-zA-Z0-9]\/.test(t.secret)){for(var s,r,n,a=l.querySelectorAll('iframe[data-secret=\"'+t.secret+'\"]'),o=l.querySelectorAll('blockquote[data-secret=\"'+t.secret+'\"]'),c=new RegExp(\"^https?:$\",\"i\"),i=0;i<o.length;i++)o[i].style.display=\"none\";for(i=0;i<a.length;i++)s=a[i],e.source===s.contentWindow&&(s.removeAttribute(\"style\"),\"height\"===t.message?(1e3<(r=parseInt(t.value,10))?r=1e3:~~r<200&&(r=200),s.height=r):\"link\"===t.message&&(r=new URL(s.getAttribute(\"src\")),n=new URL(t.value),c.test(n.protocol))&&n.host===r.host&&l.activeElement===s&&(d.top.location.href=t.value))}},d.addEventListener(\"message\",d.wp.receiveEmbedMessage,!1),l.addEventListener(\"DOMContentLoaded\",function(){for(var e,t,s=l.querySelectorAll(\"iframe.wp-embedded-content\"),r=0;r<s.length;r++)(t=(e=s[r]).getAttribute(\"data-secret\"))||(t=Math.random().toString(36).substring(2,12),e.src+=\"#?secret=\"+t,e.setAttribute(\"data-secret\",t)),e.contentWindow.postMessage({message:\"ready\",secret:t},\"*\")},!1)))}(window,document);\n\/\/# sourceURL=https:\/\/www.gaveanews.com\/wp-includes\/js\/wp-embed.min.js\n\/* ]]> *\/\n<\/script>\n","thumbnail_url":"https:\/\/www.gaveanews.com\/wp-content\/uploads\/Escudo-do-Ceara.webp","thumbnail_width":148,"thumbnail_height":148,"description":"O Cl\u00e1ssico-Rei deste s\u00e1bado (8) coloca frente a frente dois grandes rivais do futebol cearense: Fortaleza e Cear\u00e1.O duelo, que ocorre \u00e0s 16h30 na Arena Castel\u00e3o, tem grande expectativa quanto \u00e0 escala\u00e7\u00e3o do Cear\u00e1, liderado pelo t\u00e9cnico L\u00e9o Cond\u00e9. Cear\u00e1 busca for\u00e7a no time titular O t\u00e9cnico L\u00e9o Cond\u00e9 tem \u00e0 disposi\u00e7\u00e3o um elenco que, [&hellip;]"}