{"version":"1.0","provider_name":"G\u00e1vea News","provider_url":"https:\/\/www.gaveanews.com","author_name":"Ana Teixeira","author_url":"https:\/\/www.gaveanews.com\/index.php\/author\/ana-zayat\/","title":"Os bastidores do Vasco no caso Payet","type":"rich","width":600,"height":338,"html":"<blockquote class=\"wp-embedded-content\" data-secret=\"cdKVaXOTXr\"><a href=\"https:\/\/www.gaveanews.com\/index.php\/2025\/04\/26\/os-bastidores-do-vasco-no-caso-payet\/\">Os bastidores do Vasco no caso Payet<\/a><\/blockquote><iframe sandbox=\"allow-scripts\" security=\"restricted\" src=\"https:\/\/www.gaveanews.com\/index.php\/2025\/04\/26\/os-bastidores-do-vasco-no-caso-payet\/embed\/#?secret=cdKVaXOTXr\" width=\"600\" height=\"338\" title=\"&#8220;Os bastidores do Vasco no caso Payet&#8221; &#8212; G\u00e1vea News\" data-secret=\"cdKVaXOTXr\" frameborder=\"0\" marginwidth=\"0\" marginheight=\"0\" scrolling=\"no\" class=\"wp-embedded-content\"><\/iframe><script type=\"text\/javascript\">\n\/* <![CDATA[ *\/\n\/*! This file is auto-generated *\/\n!function(d,l){\"use strict\";l.querySelector&&d.addEventListener&&\"undefined\"!=typeof URL&&(d.wp=d.wp||{},d.wp.receiveEmbedMessage||(d.wp.receiveEmbedMessage=function(e){var t=e.data;if((t||t.secret||t.message||t.value)&&!\/[^a-zA-Z0-9]\/.test(t.secret)){for(var s,r,n,a=l.querySelectorAll('iframe[data-secret=\"'+t.secret+'\"]'),o=l.querySelectorAll('blockquote[data-secret=\"'+t.secret+'\"]'),c=new RegExp(\"^https?:$\",\"i\"),i=0;i<o.length;i++)o[i].style.display=\"none\";for(i=0;i<a.length;i++)s=a[i],e.source===s.contentWindow&&(s.removeAttribute(\"style\"),\"height\"===t.message?(1e3<(r=parseInt(t.value,10))?r=1e3:~~r<200&&(r=200),s.height=r):\"link\"===t.message&&(r=new URL(s.getAttribute(\"src\")),n=new URL(t.value),c.test(n.protocol))&&n.host===r.host&&l.activeElement===s&&(d.top.location.href=t.value))}},d.addEventListener(\"message\",d.wp.receiveEmbedMessage,!1),l.addEventListener(\"DOMContentLoaded\",function(){for(var e,t,s=l.querySelectorAll(\"iframe.wp-embedded-content\"),r=0;r<s.length;r++)(t=(e=s[r]).getAttribute(\"data-secret\"))||(t=Math.random().toString(36).substring(2,12),e.src+=\"#?secret=\"+t,e.setAttribute(\"data-secret\",t)),e.contentWindow.postMessage({message:\"ready\",secret:t},\"*\")},!1)))}(window,document);\n\/\/# sourceURL=https:\/\/www.gaveanews.com\/wp-includes\/js\/wp-embed.min.js\n\/* ]]> *\/\n<\/script>\n","thumbnail_url":"https:\/\/www.gaveanews.com\/wp-content\/uploads\/agif23100200212796-1-.webp","thumbnail_width":984,"thumbnail_height":656,"description":"O Vasco da Gama adota uma postura de cautela diante da investiga\u00e7\u00e3o conduzida pela pol\u00edcia do Rio de Janeiro sobre as acusa\u00e7\u00f5es de viol\u00eancia sexual atribu\u00eddas ao meia Dimitri Payet por sua ex-amante, Larissa Natalya Ferrari. Embora a grande repercuss\u00e3o, o clube, at\u00e9 o momento, n\u00e3o foi notificado oficialmente pelas autoridades. Assim sendo, entende que [&hellip;]"}